{"id":1090,"date":"2024-05-14T12:04:57","date_gmt":"2024-05-14T16:04:57","guid":{"rendered":"http:\/\/greenspace-alliance.ca\/alliance-pour-les-espaces-verts-de-la-capitale-du-canada\/"},"modified":"2024-10-08T11:19:02","modified_gmt":"2024-10-08T15:19:02","slug":"alliance-pour-les-espaces-verts-de-la-capitale-du-canada","status":"publish","type":"page","link":"https:\/\/greenspace-alliance.ca\/fr\/","title":{"rendered":"Alliance pour les espaces verts de la capitale du Canada"},"content":{"rendered":"\t\t<div data-elementor-type=\"wp-page\" data-elementor-id=\"1090\" class=\"elementor elementor-1090 elementor-57\" data-elementor-post-type=\"page\">\n\t\t\t\t\t\t<section data-dce-background-overlay-color=\"#000000\" class=\"elementor-section elementor-top-section elementor-element elementor-element-1fbfbf1b elementor-section-content-middle elementor-section-boxed elementor-section-height-default elementor-section-height-default\" data-id=\"1fbfbf1b\" data-element_type=\"section\" data-e-type=\"section\" data-settings=\"{&quot;background_background&quot;:&quot;slideshow&quot;,&quot;background_slideshow_ken_burns&quot;:&quot;yes&quot;,&quot;background_slideshow_gallery&quot;:[{&quot;id&quot;:914,&quot;url&quot;:&quot;https:\\\/\\\/greenspace-alliance.ca\\\/wp-content\\\/uploads\\\/2024\\\/05\\\/ottawa-03.jpg&quot;},{&quot;id&quot;:86005,&quot;url&quot;:&quot;https:\\\/\\\/greenspace-alliance.ca\\\/wp-content\\\/uploads\\\/2024\\\/09\\\/Greenspace_Home_06-scaled.jpg&quot;},{&quot;id&quot;:86003,&quot;url&quot;:&quot;https:\\\/\\\/greenspace-alliance.ca\\\/wp-content\\\/uploads\\\/2024\\\/09\\\/Greenspace_Home_05-scaled.jpg&quot;},{&quot;id&quot;:86007,&quot;url&quot;:&quot;https:\\\/\\\/greenspace-alliance.ca\\\/wp-content\\\/uploads\\\/2024\\\/09\\\/Greenspace_Home_07-scaled.jpg&quot;}],&quot;background_slideshow_loop&quot;:&quot;yes&quot;,&quot;background_slideshow_slide_duration&quot;:5000,&quot;background_slideshow_slide_transition&quot;:&quot;fade&quot;,&quot;background_slideshow_transition_duration&quot;:500,&quot;background_slideshow_ken_burns_zoom_direction&quot;:&quot;in&quot;}\">\n\t\t\t\t\t\t\t<div class=\"elementor-background-overlay\"><\/div>\n\t\t\t\t\t\t\t<div class=\"elementor-container elementor-column-gap-default\">\n\t\t\t\t\t<div class=\"elementor-column elementor-col-100 elementor-top-column elementor-element elementor-element-1371a805\" data-id=\"1371a805\" data-element_type=\"column\" data-e-type=\"column\" data-settings=\"{&quot;background_background&quot;:&quot;classic&quot;}\">\n\t\t\t<div class=\"elementor-widget-wrap elementor-element-populated\">\n\t\t\t\t\t\t<div data-dce-advanced-background-color=\"#EEFFEC00\" class=\"elementor-element elementor-element-2eefb007 elementor-widget__width-auto animated-slow elementor-invisible elementor-widget elementor-widget-heading\" data-id=\"2eefb007\" data-element_type=\"widget\" data-e-type=\"widget\" data-settings=\"{&quot;_animation&quot;:&quot;fadeInUp&quot;}\" data-widget_type=\"heading.default\">\n\t\t\t\t<div class=\"elementor-widget-container\">\n\t\t\t\t\t<h5 class=\"elementor-heading-title elementor-size-default\">Bienvenue \u00e0<\/h5>\t\t\t\t<\/div>\n\t\t\t\t<\/div>\n\t\t\t\t<div class=\"elementor-element elementor-element-34adbacd elementor-invisible elementor-widget elementor-widget-heading\" data-id=\"34adbacd\" data-element_type=\"widget\" data-e-type=\"widget\" data-settings=\"{&quot;_animation&quot;:&quot;fadeInUp&quot;}\" data-widget_type=\"heading.default\">\n\t\t\t\t<div class=\"elementor-widget-container\">\n\t\t\t\t\t<h1 class=\"elementor-heading-title elementor-size-default\">Alliance pour les espaces verts de la capitale du Canada<\/h1>\t\t\t\t<\/div>\n\t\t\t\t<\/div>\n\t\t\t\t<div class=\"elementor-element elementor-element-5ec95557 animated-slow elementor-invisible elementor-widget elementor-widget-text-editor\" data-id=\"5ec95557\" data-element_type=\"widget\" data-e-type=\"widget\" data-settings=\"{&quot;_animation&quot;:&quot;fadeInUp&quot;}\" data-widget_type=\"text-editor.default\">\n\t\t\t\t<div class=\"elementor-widget-container\">\n\t\t\t\t\t\t\t\t\t<p>Individus et groupes de citoyens \u0153uvrant \u00e0 la protection d\u2019importants espaces verts dans la r\u00e9gion de la capitale nationale.<\/p>\n\t\t\t\t\t\t\t\t<\/div>\n\t\t\t\t<\/div>\n\t\t\t\t\t<\/div>\n\t\t<\/div>\n\t\t\t\t\t<\/div>\n\t\t<\/section>\n\t\t<div data-dce-background-color=\"#F8F9FA\" class=\"elementor-element elementor-element-3963b92 e-flex e-con-boxed e-con e-parent\" data-id=\"3963b92\" data-element_type=\"container\" data-e-type=\"container\" data-settings=\"{&quot;background_background&quot;:&quot;classic&quot;}\">\n\t\t\t\t\t<div class=\"e-con-inner\">\n\t\t<div class=\"elementor-element elementor-element-b21830d e-con-full e-flex e-con e-child\" data-id=\"b21830d\" data-element_type=\"container\" data-e-type=\"container\">\n\t\t\t\t<div class=\"elementor-element elementor-element-b5f4d47 elementor-widget elementor-widget-jkit_heading\" data-id=\"b5f4d47\" data-element_type=\"widget\" data-e-type=\"widget\" data-widget_type=\"jkit_heading.default\">\n\t\t\t\t<div class=\"elementor-widget-container\">\n\t\t\t\t\t<div  class=\"jeg-elementor-kit jkit-heading  align-left align-tablet-left align-mobile-left jeg_module___69f5483ac65b8\" ><h3 class=\"heading-section-subtitle  style-color\">Notre mission<\/h3><div class=\"heading-section-title  display-inline-block\"><h2 class=\"heading-title\">Les objectifs de l&#039;Alliance<\/h2><\/div><\/div>\t\t\t\t<\/div>\n\t\t\t\t<\/div>\n\t\t\t\t<div class=\"elementor-element elementor-element-25d3943 elementor-widget elementor-widget-jkit_heading\" data-id=\"25d3943\" data-element_type=\"widget\" data-e-type=\"widget\" data-widget_type=\"jkit_heading.default\">\n\t\t\t\t<div class=\"elementor-widget-container\">\n\t\t\t\t\t<div  class=\"jeg-elementor-kit jkit-heading  align-left align-tablet-left align-mobile- jeg_module__1_69f5483ac7d19\" ><div class=\"heading-section-title  display-inline\"><h2 class=\"heading-title\"><span class=\"style-color\"><span>L&#039;Alliance des espaces verts<\/span><\/span> travaille avec des organismes communautaires et des particuliers pour pr\u00e9server et am\u00e9liorer les espaces naturels de la r\u00e9gion de la capitale nationale, y compris les espaces verts publics et priv\u00e9s, les zones humides et les voies navigables.<\/h2><\/div><\/div>\t\t\t\t<\/div>\n\t\t\t\t<\/div>\n\t\t\t\t<\/div>\n\t\t<div class=\"elementor-element elementor-element-0dd7e2c animated-slow e-con-full e-flex elementor-invisible e-con e-child\" data-id=\"0dd7e2c\" data-element_type=\"container\" data-e-type=\"container\" data-settings=\"{&quot;animation&quot;:&quot;fadeInUp&quot;,&quot;animation_delay&quot;:80}\">\n\t\t<div data-dce-background-color=\"#E3F488\" data-dce-background-overlay-color=\"#2C8B4757\" data-dce-background-image-url=\"https:\/\/greenspace-alliance.ca\/wp-content\/uploads\/2024\/05\/hands-protect-the-green-spring-tea-leaves.jpg\" class=\"elementor-element elementor-element-f0116ea e-con-full e-flex e-con e-child\" data-id=\"f0116ea\" data-element_type=\"container\" data-e-type=\"container\" data-settings=\"{&quot;background_background&quot;:&quot;classic&quot;}\">\n\t\t<div class=\"elementor-element elementor-element-413ab6a e-con-full e-flex e-con e-child\" data-id=\"413ab6a\" data-element_type=\"container\" data-e-type=\"container\" data-settings=\"{&quot;background_background&quot;:&quot;classic&quot;}\">\n\t\t\t\t<div class=\"elementor-element elementor-element-aac99af elementor-widget elementor-widget-spacer\" data-id=\"aac99af\" data-element_type=\"widget\" data-e-type=\"widget\" data-widget_type=\"spacer.default\">\n\t\t\t\t<div class=\"elementor-widget-container\">\n\t\t\t\t\t\t\t<div class=\"elementor-spacer\">\n\t\t\t<div class=\"elementor-spacer-inner\"><\/div>\n\t\t<\/div>\n\t\t\t\t\t\t<\/div>\n\t\t\t\t<\/div>\n\t\t\t\t<div class=\"elementor-element elementor-element-a4cc4bc elementor-widget elementor-widget-heading\" data-id=\"a4cc4bc\" data-element_type=\"widget\" data-e-type=\"widget\" data-widget_type=\"heading.default\">\n\t\t\t\t<div class=\"elementor-widget-container\">\n\t\t\t\t\t<h2 class=\"elementor-heading-title elementor-size-default\">Investir dans la protection des espaces verts favorise les possibilit\u00e9s de loisirs pour tous, favorisant le bien-\u00eatre physique et mental.<\/h2>\t\t\t\t<\/div>\n\t\t\t\t<\/div>\n\t\t\t\t<\/div>\n\t\t\t\t<\/div>\n\t\t\t\t<\/div>\n\t\t\t\t\t<\/div>\n\t\t\t\t<\/div>\n\t\t<div data-dce-background-color=\"#F8F9FA\" class=\"elementor-element elementor-element-8d28621 e-flex e-con-boxed e-con e-parent\" data-id=\"8d28621\" data-element_type=\"container\" data-e-type=\"container\" data-settings=\"{&quot;background_background&quot;:&quot;classic&quot;}\">\n\t\t\t\t\t<div class=\"e-con-inner\">\n\t\t<div class=\"elementor-element elementor-element-b6f4a5a e-flex e-con-boxed e-con e-child\" data-id=\"b6f4a5a\" data-element_type=\"container\" data-e-type=\"container\">\n\t\t\t\t\t<div class=\"e-con-inner\">\n\t\t<div data-dce-background-color=\"#1C3F3A\" data-dce-background-overlay-image-url=\"https:\/\/greenspace-alliance.ca\/wp-content\/uploads\/2024\/05\/Greenspace-Alliance-Logo-Icon-white.svg\" class=\"elementor-element elementor-element-3ecdae3 e-flex e-con-boxed e-con e-child\" data-id=\"3ecdae3\" data-element_type=\"container\" data-e-type=\"container\" data-settings=\"{&quot;background_background&quot;:&quot;classic&quot;}\">\n\t\t\t\t\t<div class=\"e-con-inner\">\n\t\t<div data-dce-background-overlay-color=\"#1C3F3A00\" data-dce-background-image-url=\"https:\/\/greenspace-alliance.ca\/wp-content\/uploads\/2024\/09\/Greenspace_2019-03-15-scaled.jpg\" class=\"elementor-element elementor-element-33d0844 e-con-full e-flex e-con e-child\" data-id=\"33d0844\" data-element_type=\"container\" data-e-type=\"container\" data-settings=\"{&quot;background_background&quot;:&quot;classic&quot;}\">\n\t\t\t\t<div class=\"elementor-element elementor-element-40695b2 elementor-widget elementor-widget-spacer\" data-id=\"40695b2\" data-element_type=\"widget\" data-e-type=\"widget\" data-widget_type=\"spacer.default\">\n\t\t\t\t<div class=\"elementor-widget-container\">\n\t\t\t\t\t\t\t<div class=\"elementor-spacer\">\n\t\t\t<div class=\"elementor-spacer-inner\"><\/div>\n\t\t<\/div>\n\t\t\t\t\t\t<\/div>\n\t\t\t\t<\/div>\n\t\t\t\t<div class=\"elementor-element elementor-element-36756c3 elementor-widget__width-inherit elementor-widget elementor-widget-heading\" data-id=\"36756c3\" data-element_type=\"widget\" data-e-type=\"widget\" data-widget_type=\"heading.default\">\n\t\t\t\t<div class=\"elementor-widget-container\">\n\t\t\t\t\t<h2 class=\"elementor-heading-title elementor-size-default\">\"Nous ne sommes pas oppos\u00e9s au d\u00e9veloppement \u2013 \u200b\u200ben fait, nous soutenons une bonne planification et une relation rationnelle et durable avec notre environnement afin de cr\u00e9er des espaces urbains habitables et respirants.\"<\/h2>\t\t\t\t<\/div>\n\t\t\t\t<\/div>\n\t\t\t\t<div class=\"elementor-element elementor-element-68dc30a elementor-widget-divider--view-line elementor-widget elementor-widget-divider\" data-id=\"68dc30a\" data-element_type=\"widget\" data-e-type=\"widget\" data-widget_type=\"divider.default\">\n\t\t\t\t<div class=\"elementor-widget-container\">\n\t\t\t\t\t\t\t<div class=\"elementor-divider\">\n\t\t\t<span class=\"elementor-divider-separator\">\n\t\t\t\t\t\t<\/span>\n\t\t<\/div>\n\t\t\t\t\t\t<\/div>\n\t\t\t\t<\/div>\n\t\t\t\t<div class=\"elementor-element elementor-element-07366b8 elementor-widget elementor-widget-jkit_heading\" data-id=\"07366b8\" data-element_type=\"widget\" data-e-type=\"widget\" data-widget_type=\"jkit_heading.default\">\n\t\t\t\t<div class=\"elementor-widget-container\">\n\t\t\t\t\t<div  class=\"jeg-elementor-kit jkit-heading  align-left align-tablet- align-mobile- jeg_module__2_69f5483ac9785\" ><div class=\"heading-section-title  display-inline-block\"><h2 class=\"heading-title\">Paul Johanis<\/h2><\/div><h3 class=\"heading-section-subtitle  style-color\">Chair<\/h3><\/div>\t\t\t\t<\/div>\n\t\t\t\t<\/div>\n\t\t\t\t<\/div>\n\t\t<div class=\"elementor-element elementor-element-566fbb4 e-con-full e-flex e-con e-child\" data-id=\"566fbb4\" data-element_type=\"container\" data-e-type=\"container\">\n\t\t\t\t<div class=\"elementor-element elementor-element-9195fcc elementor-widget__width-inherit elementor-widget elementor-widget-jkit_heading\" data-id=\"9195fcc\" data-element_type=\"widget\" data-e-type=\"widget\" data-widget_type=\"jkit_heading.default\">\n\t\t\t\t<div class=\"elementor-widget-container\">\n\t\t\t\t\t<div  class=\"jeg-elementor-kit jkit-heading  align-left align-tablet-left align-mobile- jeg_module__3_69f5483acb148\" ><h2 class=\"heading-section-subtitle  style-color\">Connectons-nous<\/h2><div class=\"heading-section-title  display-inline-block\"><h2 class=\"heading-title\">Donnez votre soutien et impliquez-vous !<\/h2><\/div><div class=\"heading-section-description\"><p>Notre site Web offre de nombreuses informations sur ce qui se passe ici m\u00eame dans la capitale du Canada et ses environs, dont la plupart ne se trouvent dans aucune publication payante ni sur aucun site Web gouvernemental. Voici pourquoi : nous ne d\u00e9pendons pas de la publicit\u00e9 ou des contributions des entreprises, tout le travail est effectu\u00e9 sur une base b\u00e9n\u00e9vole et nous n\u2019avons rien \u00e0 cacher.<\/p><p>Nous esp\u00e9rons que vous trouverez ce site enrichissant et utile.<\/p><\/div><\/div>\t\t\t\t<\/div>\n\t\t\t\t<\/div>\n\t\t\t\t<div class=\"elementor-element elementor-element-7e8cd83 elementor-widget-mobile__width-inherit animated-slow elementor-invisible elementor-widget elementor-widget-jkit_button\" data-id=\"7e8cd83\" data-element_type=\"widget\" data-e-type=\"widget\" data-settings=\"{&quot;_animation&quot;:&quot;fadeInRight&quot;}\" data-widget_type=\"jkit_button.default\">\n\t\t\t\t<div class=\"elementor-widget-container\">\n\t\t\t\t\t<div  class=\"jeg-elementor-kit jkit-button  icon-position-after jeg_module__4_69f5483acc834\" ><a href=\"https:\/\/greenspace-alliance.ca\/get-involved\/\" class=\"jkit-button-wrapper hover-gradient\"><span>Impliquez-vous<\/span><\/a><\/div>\t\t\t\t<\/div>\n\t\t\t\t<\/div>\n\t\t\t\t<div class=\"elementor-element elementor-element-e5b1a49 elementor-widget-mobile__width-inherit animated-slow elementor-hidden-desktop elementor-hidden-tablet elementor-hidden-mobile elementor-invisible elementor-widget elementor-widget-jkit_button\" data-id=\"e5b1a49\" data-element_type=\"widget\" data-e-type=\"widget\" data-settings=\"{&quot;_animation&quot;:&quot;fadeInRight&quot;,&quot;_animation_delay&quot;:500}\" data-widget_type=\"jkit_button.default\">\n\t\t\t\t<div class=\"elementor-widget-container\">\n\t\t\t\t\t<div  class=\"jeg-elementor-kit jkit-button  icon-position-after jeg_module__5_69f5483acdbc2\" ><a href=\"https:\/\/greenspace-alliance.ca\/wp-content\/uploads\/2024\/05\/Greenspace_AboutUs_Brochure_EN-1.pdf\" class=\"jkit-button-wrapper hover-gradient\" target=\"_blank\"><span>Our Brochure<svg viewBox=\"0 0 640 512\" xmlns=\"http:\/\/www.w3.org\/2000\/svg\"><path d=\"M537.6 226.6c4.1-10.7 6.4-22.4 6.4-34.6 0-53-43-96-96-96-19.7 0-38.1 6-53.3 16.2C367 64.2 315.3 32 256 32c-88.4 0-160 71.6-160 160 0 2.7.1 5.4.2 8.1C40.2 219.8 0 273.2 0 336c0 79.5 64.5 144 144 144h368c70.7 0 128-57.3 128-128 0-61.9-44-113.6-102.4-125.4zm-132.9 88.7L299.3 420.7c-6.2 6.2-16.4 6.2-22.6 0L171.3 315.3c-10.1-10.1-2.9-27.3 11.3-27.3H248V176c0-8.8 7.2-16 16-16h48c8.8 0 16 7.2 16 16v112h65.4c14.2 0 21.4 17.2 11.3 27.3z\"><\/path><\/svg><\/span><\/a><\/div>\t\t\t\t<\/div>\n\t\t\t\t<\/div>\n\t\t\t\t<\/div>\n\t\t\t\t\t<\/div>\n\t\t\t\t<\/div>\n\t\t\t\t\t<\/div>\n\t\t\t\t<\/div>\n\t\t\t\t\t<\/div>\n\t\t\t\t<\/div>\n\t\t<div class=\"elementor-element elementor-element-47f4352 envato-kit-141-top-0 e-flex e-con-boxed e-con e-parent\" data-id=\"47f4352\" data-element_type=\"container\" data-e-type=\"container\">\n\t\t\t\t\t<div class=\"e-con-inner\">\n\t\t<div class=\"elementor-element elementor-element-b13bf76 e-flex e-con-boxed e-con e-child\" data-id=\"b13bf76\" data-element_type=\"container\" data-e-type=\"container\">\n\t\t\t\t\t<div class=\"e-con-inner\">\n\t\t<div data-dce-background-color=\"#E3F488\" data-dce-background-overlay-color=\"#2C8B4757\" data-dce-background-image-url=\"https:\/\/greenspace-alliance.ca\/wp-content\/uploads\/2024\/05\/about-the-greenspace-alliance.jpg\" class=\"elementor-element elementor-element-5da415d e-con-full e-flex e-con e-child\" data-id=\"5da415d\" data-element_type=\"container\" data-e-type=\"container\" data-settings=\"{&quot;background_background&quot;:&quot;classic&quot;,&quot;animation&quot;:&quot;none&quot;}\">\n\t\t<div class=\"elementor-element elementor-element-2cdb0cb e-con-full e-flex e-con e-child\" data-id=\"2cdb0cb\" data-element_type=\"container\" data-e-type=\"container\" data-settings=\"{&quot;background_background&quot;:&quot;classic&quot;}\">\n\t\t\t\t<div class=\"elementor-element elementor-element-018eb78 elementor-widget elementor-widget-spacer\" data-id=\"018eb78\" data-element_type=\"widget\" data-e-type=\"widget\" data-widget_type=\"spacer.default\">\n\t\t\t\t<div class=\"elementor-widget-container\">\n\t\t\t\t\t\t\t<div class=\"elementor-spacer\">\n\t\t\t<div class=\"elementor-spacer-inner\"><\/div>\n\t\t<\/div>\n\t\t\t\t\t\t<\/div>\n\t\t\t\t<\/div>\n\t\t\t\t<div class=\"elementor-element elementor-element-be17069 elementor-widget elementor-widget-heading\" data-id=\"be17069\" data-element_type=\"widget\" data-e-type=\"widget\" data-widget_type=\"heading.default\">\n\t\t\t\t<div class=\"elementor-widget-container\">\n\t\t\t\t\t<h2 class=\"elementor-heading-title elementor-size-default\">Nous croyons que la verdure urbaine est essentielle \u00e0 la qualit\u00e9 de vie d\u2019une communaut\u00e9, contribuant \u00e0 notre bien-\u00eatre personnel, social, \u00e9conomique, culturel et spirituel.<\/h2>\t\t\t\t<\/div>\n\t\t\t\t<\/div>\n\t\t\t\t<\/div>\n\t\t\t\t<\/div>\n\t\t<div class=\"elementor-element elementor-element-ab9967f e-con-full e-flex e-con e-child\" data-id=\"ab9967f\" data-element_type=\"container\" data-e-type=\"container\">\n\t\t\t\t<div class=\"elementor-element elementor-element-6131e90 elementor-widget elementor-widget-jkit_heading\" data-id=\"6131e90\" data-element_type=\"widget\" data-e-type=\"widget\" data-widget_type=\"jkit_heading.default\">\n\t\t\t\t<div class=\"elementor-widget-container\">\n\t\t\t\t\t<div  class=\"jeg-elementor-kit jkit-heading  align-left align-tablet-left align-mobile- jeg_module__6_69f5483acfb73\" ><h3 class=\"heading-section-subtitle  style-color\">Depuis 1997<\/h3><div class=\"heading-section-title  display-inline-block\"><h2 class=\"heading-title\">\u00c0 propos de la Greenspace Alliance<\/h2><\/div><\/div>\t\t\t\t<\/div>\n\t\t\t\t<\/div>\n\t\t\t\t<div class=\"elementor-element elementor-element-01a4d07 elementor-widget-divider--view-line elementor-invisible elementor-widget elementor-widget-divider\" data-id=\"01a4d07\" data-element_type=\"widget\" data-e-type=\"widget\" data-settings=\"{&quot;_animation&quot;:&quot;fadeIn&quot;,&quot;_animation_delay&quot;:150}\" data-widget_type=\"divider.default\">\n\t\t\t\t<div class=\"elementor-widget-container\">\n\t\t\t\t\t\t\t<div class=\"elementor-divider\">\n\t\t\t<span class=\"elementor-divider-separator\">\n\t\t\t\t\t\t<\/span>\n\t\t<\/div>\n\t\t\t\t\t\t<\/div>\n\t\t\t\t<\/div>\n\t\t\t\t<div class=\"elementor-element elementor-element-ec70af4 elementor-invisible elementor-widget elementor-widget-heading\" data-id=\"ec70af4\" data-element_type=\"widget\" data-e-type=\"widget\" data-settings=\"{&quot;_animation&quot;:&quot;fadeIn&quot;,&quot;_animation_delay&quot;:200}\" data-widget_type=\"heading.default\">\n\t\t\t\t<div class=\"elementor-widget-container\">\n\t\t\t\t\t<h2 class=\"elementor-heading-title elementor-size-default\">La verdure urbaine nous relie \u00e0 l\u2019histoire naturelle et culturelle de notre r\u00e9gion.<\/h2>\t\t\t\t<\/div>\n\t\t\t\t<\/div>\n\t\t\t\t<div class=\"elementor-element elementor-element-823d55f elementor-widget elementor-widget-jkit_heading\" data-id=\"823d55f\" data-element_type=\"widget\" data-e-type=\"widget\" data-widget_type=\"jkit_heading.default\">\n\t\t\t\t<div class=\"elementor-widget-container\">\n\t\t\t\t\t<div  class=\"jeg-elementor-kit jkit-heading  align-left align-tablet-left align-mobile- jeg_module__7_69f5483ad1684\" ><div class=\"heading-section-title  display-inline\"><h2 class=\"heading-title\">L&#039;Alliance pour les espaces verts travaille avec des organismes communautaires et des particuliers pour pr\u00e9server et am\u00e9liorer les espaces naturels de la r\u00e9gion de la capitale nationale, notamment les espaces verts publics et priv\u00e9s, les zones humides et les cours d&#039;eau. Des r\u00e9sidents concern\u00e9s ont form\u00e9 l&#039;Alliance en octobre 1997. Une partie importante de notre travail consiste \u00e0 collaborer avec tous les ordres de gouvernement et d&#039;autres intervenants.<\/h2><\/div><\/div>\t\t\t\t<\/div>\n\t\t\t\t<\/div>\n\t\t\t\t<div data-dce-background-color=\"#02010100\" class=\"elementor-element elementor-element-0c7ac16 elementor-align-left elementor-widget elementor-widget-button\" data-id=\"0c7ac16\" data-element_type=\"widget\" data-e-type=\"widget\" data-widget_type=\"button.default\">\n\t\t\t\t<div class=\"elementor-widget-container\">\n\t\t\t\t\t\t\t\t\t<div class=\"elementor-button-wrapper\">\n\t\t\t\t\t<a class=\"elementor-button elementor-button-link elementor-size-sm elementor-animation-bob\" href=\"https:\/\/greenspace-alliance.ca\/fr\/qui-sommes-nous\/\">\n\t\t\t\t\t\t<span class=\"elementor-button-content-wrapper\">\n\t\t\t\t\t\t<span class=\"elementor-button-icon\">\n\t\t\t\t<i aria-hidden=\"true\" class=\"jki jki-right-arrow1-light\"><\/i>\t\t\t<\/span>\n\t\t\t\t\t\t\t\t\t<span class=\"elementor-button-text\">En savoir plus<\/span>\n\t\t\t\t\t<\/span>\n\t\t\t\t\t<\/a>\n\t\t\t\t<\/div>\n\t\t\t\t\t\t\t\t<\/div>\n\t\t\t\t<\/div>\n\t\t\t\t<\/div>\n\t\t\t\t\t<\/div>\n\t\t\t\t<\/div>\n\t\t\t\t\t<\/div>\n\t\t\t\t<\/div>\n\t\t\t\t<\/div>\n\t\t","protected":false},"excerpt":{"rendered":"<p>Bienvenue \u00e0 Alliance pour les espaces verts de la capitale du Canada Individus et groupes de citoyens \u0153uvrant \u00e0 la protection d\u2019importants espaces verts dans la r\u00e9gion de la capitale nationale. Notre mission Les objectifs de l&#039;Alliance L&#039;Alliance des espaces verts travaille avec des organismes communautaires et des particuliers pour pr\u00e9server et am\u00e9liorer les espaces [&hellip;]<\/p>\n","protected":false},"author":1,"featured_media":0,"parent":0,"menu_order":0,"comment_status":"closed","ping_status":"closed","template":"","meta":{"_acf_changed":false,"footnotes":""},"class_list":["post-1090","page","type-page","status-publish","hentry"],"acf":[],"WPTAXONOMIES_readable":null,"WPTAXONOMIES":null,"WPTAXONOMYTERM_readable":null,"WPTAXONOMYTERM":null,"WPTAXONOMIES_CHILDREN":null,"SPECIFICTAXONOMY_readable":null,"SPECIFICTAXONOMY":null,"post_id":null,"create_overview_from_timeline":null,"_create_overview_from_timeline":null,"_timeline_url":null,"_overview_url":null,"overview_url":null,"timeline_url":null,"_links":{"self":[{"href":"https:\/\/greenspace-alliance.ca\/fr\/wp-json\/wp\/v2\/pages\/1090","targetHints":{"allow":["GET"]}}],"collection":[{"href":"https:\/\/greenspace-alliance.ca\/fr\/wp-json\/wp\/v2\/pages"}],"about":[{"href":"https:\/\/greenspace-alliance.ca\/fr\/wp-json\/wp\/v2\/types\/page"}],"author":[{"embeddable":true,"href":"https:\/\/greenspace-alliance.ca\/fr\/wp-json\/wp\/v2\/users\/1"}],"replies":[{"embeddable":true,"href":"https:\/\/greenspace-alliance.ca\/fr\/wp-json\/wp\/v2\/comments?post=1090"}],"version-history":[{"count":0,"href":"https:\/\/greenspace-alliance.ca\/fr\/wp-json\/wp\/v2\/pages\/1090\/revisions"}],"wp:attachment":[{"href":"https:\/\/greenspace-alliance.ca\/fr\/wp-json\/wp\/v2\/media?parent=1090"}],"curies":[{"name":"wp","href":"https:\/\/api.w.org\/{rel}","templated":true}]}}